{"id":627,"date":"2023-05-29T12:13:00","date_gmt":"2023-05-29T12:13:00","guid":{"rendered":"https:\/\/ib.eco\/?post_type=recenzii&#038;p=627"},"modified":"2024-09-22T10:07:59","modified_gmt":"2024-09-22T10:07:59","slug":"calamari-vegani-ramen-la-liu-lin","status":"publish","type":"recenzii","link":"https:\/\/ib.eco\/ro\/recenzii\/calamari-vegani-ramen-la-liu-lin\/","title":{"rendered":"Calamari vegani \u0219i cel mai bun ramen: la Liu Lin, \u00een Bruxelles"},"content":{"rendered":"\n<p><strong>Era \u00eenc\u0103 devreme c\u00e2nd am pornit la pas spre Liu Lin, un mic restaurant taiwanez, g\u0103sit pe Happy Cow ca fiind vegan. Intru. Doar dou\u0103 mese sunt ocupate. Dar numai bine ce m\u0103 a\u0219ez \u0219i aud cum cineva sun\u0103 \u0219i le rezerv\u0103 pe celelalte pentru pr\u00e2nz. Am avut noroc.<\/strong><\/p>\n\n\n\n<div class=\"wp-block-group\"><div class=\"wp-block-group__inner-container is-layout-constrained wp-block-group-is-layout-constrained\">\n<p>Mesele de dou\u0103 persoane sunt pe mijloc. Nu pot spune c\u0103 sunt tocmai fericit\u0103 cu a\u0219ezarea, c\u0103ci nu pot cuprinde cu privirea tot ce se \u00eent\u00e2mpl\u0103 \u00een jur. E at\u00e2t de \u00eenghesuit localul \u00eenc\u00e2t o alt\u0103 client\u0103 aga\u021b\u0103 cu haina micul ghiveci de pe masa mea \u0219i-l d\u0103r\u00e2m\u0103. Pl\u0103ntu\u021ba aterizeaz\u0103 pe jos, cu tot cu p\u0103m\u00e2nt. \u00cen timp ce aceasta se scuz\u0103, apare o t\u00e2n\u0103r\u0103 care \u00eemi aduce meniul, cur\u0103\u021b\u0103 \u0219i a\u0219az\u0103 totul la loc.<\/p>\n\n\n<style>.wp-block-kadence-advancedgallery.kb-gallery-wrap-id-627_cd066d-94{padding-right:var(--global-kb-spacing-5xl, 10rem);padding-left:var(--global-kb-spacing-5xl, 10rem);}.wp-block-kadence-advancedgallery.kb-gallery-wrap-id-627_cd066d-94{overflow:hidden;}.kb-gallery-type-carousel.kb-gallery-id-627_cd066d-94 .kt-blocks-carousel .kt-blocks-carousel-init:not( .splide-initialized ){margin-left:-5px;margin-right:-5px;}.kb-gallery-type-carousel.kb-gallery-id-627_cd066d-94 .kt-blocks-carousel .kt-blocks-carousel-init:not( .splide-initialized ) .kb-slide-item{padding-left:5px;padding-right:5px;}.kb-gallery-id-627_cd066d-94 .kadence-blocks-gallery-item .kb-gal-image-radius{border-radius:0px 0px 0px 0px;}@media all and (max-width: 1024px){.wp-block-kadence-advancedgallery.kb-gallery-wrap-id-627_cd066d-94{padding-right:var(--global-kb-spacing-lg, 3rem);padding-left:var(--global-kb-spacing-lg, 3rem);}}@media all and (max-width: 767px){.wp-block-kadence-advancedgallery.kb-gallery-wrap-id-627_cd066d-94{padding-right:0px;padding-left:0px;}}<\/style><div class=\"kb-gallery-wrap-id-627_cd066d-94 alignnone wp-block-kadence-advancedgallery\"><div class=\"kb-gallery-ul kb-gallery-non-static kb-gallery-type-carousel kb-gallery-id-627_cd066d-94 kb-gallery-caption-style-bottom-hover kb-gallery-filter-none kb-gallery-magnific-init\" data-image-filter=\"none\" data-lightbox-caption=\"true\"><div class=\"kt-blocks-carousel kt-carousel-container-dotstyle-dark\"><div class=\"kt-blocks-carousel-init kb-gallery-carousel kt-carousel-arrowstyle-whiteondark kt-carousel-dotstyle-dark\" data-columns-xxl=\"2\" data-columns-xl=\"2\" data-columns-md=\"2\" data-columns-sm=\"2\" data-columns-xs=\"1\" data-columns-ss=\"1\" data-slider-anim-speed=\"400\" data-slider-scroll=\"1\" data-slider-arrows=\"true\" data-slider-dots=\"true\" data-slider-hover-pause=\"false\" data-slider-auto=\"1\" data-slider-speed=\"7000\" data-slider-gap=\"10px\" data-slider-gap-tablet=\"10px\" data-slider-gap-mobile=\"10px\"><div class=\"kb-slide-item kb-gallery-carousel-item\"><div class=\"kadence-blocks-gallery-item\"><div class=\"kadence-blocks-gallery-item-inner\"><figure class=\"kb-gallery-figure kb-gallery-item-has-link kadence-blocks-gallery-item-hide-caption\" \"><a href=\"https:\/\/ib.eco\/wp-content\/uploads\/2023\/05\/6.2-liulin-local-scaled.jpg\" data-description=\"Designul interior de la Liu Lin, \u00een Bruxelles\" data-alt=\"Designul interior de la Liu Lin, \u00een Bruxelles\" class=\"kb-gallery-item-link\"  ><div class=\"kb-gal-image-radius\"><div class=\"kb-gallery-image-contain kadence-blocks-gallery-intrinsic kb-gallery-image-ratio-land43 kb-has-image-ratio-land43\" ><img fetchpriority=\"high\" decoding=\"async\" src=\"https:\/\/ib.eco\/wp-content\/uploads\/2023\/05\/6.2-liulin-local-1024x768.jpg\" width=\"800\" height=\"600\" alt=\"Designul interior de la Liu Lin, \u00een Bruxelles\" data-full-image=\"https:\/\/ib.eco\/wp-content\/uploads\/2023\/05\/6.2-liulin-local-scaled.jpg\" data-light-image=\"https:\/\/ib.eco\/wp-content\/uploads\/2023\/05\/6.2-liulin-local-scaled.jpg\" data-id=\"838\" class=\"wp-image-838 skip-lazy\" srcset=\"https:\/\/ib.eco\/wp-content\/uploads\/2023\/05\/6.2-liulin-local-1024x768.jpg 1024w, https:\/\/ib.eco\/wp-content\/uploads\/2023\/05\/6.2-liulin-local-300x225.jpg 300w, https:\/\/ib.eco\/wp-content\/uploads\/2023\/05\/6.2-liulin-local-768x576.jpg 768w, https:\/\/ib.eco\/wp-content\/uploads\/2023\/05\/6.2-liulin-local-1536x1152.jpg 1536w, https:\/\/ib.eco\/wp-content\/uploads\/2023\/05\/6.2-liulin-local-2048x1536.jpg 2048w, https:\/\/ib.eco\/wp-content\/uploads\/2023\/05\/6.2-liulin-local-16x12.jpg 16w\" sizes=\"(max-width: 800px) 100vw, 800px\" \/><\/div><\/div><\/a><\/figure><\/div><\/div><\/div><div class=\"kb-slide-item kb-gallery-carousel-item\"><div class=\"kadence-blocks-gallery-item\"><div class=\"kadence-blocks-gallery-item-inner\"><figure class=\"kb-gallery-figure kb-gallery-item-has-link kadence-blocks-gallery-item-hide-caption\" \"><a href=\"https:\/\/ib.eco\/wp-content\/uploads\/2023\/05\/6.3-liulin-motivatie-scaled.jpg\" data-description=\"Detalii de design la Liu Lin, \u00een Bruxelles\" data-alt=\"Detalii de design la Liu Lin, \u00een Bruxelles\" class=\"kb-gallery-item-link\"  ><div class=\"kb-gal-image-radius\"><div class=\"kb-gallery-image-contain kadence-blocks-gallery-intrinsic kb-gallery-image-ratio-land43 kb-has-image-ratio-land43\" ><img decoding=\"async\" src=\"https:\/\/ib.eco\/wp-content\/uploads\/2023\/05\/6.3-liulin-motivatie-1024x768.jpg\" width=\"800\" height=\"600\" alt=\"Detalii de design la Liu Lin, \u00een Bruxelles\" data-full-image=\"https:\/\/ib.eco\/wp-content\/uploads\/2023\/05\/6.3-liulin-motivatie-scaled.jpg\" data-light-image=\"https:\/\/ib.eco\/wp-content\/uploads\/2023\/05\/6.3-liulin-motivatie-scaled.jpg\" data-id=\"839\" class=\"wp-image-839 skip-lazy\" srcset=\"https:\/\/ib.eco\/wp-content\/uploads\/2023\/05\/6.3-liulin-motivatie-1024x768.jpg 1024w, https:\/\/ib.eco\/wp-content\/uploads\/2023\/05\/6.3-liulin-motivatie-300x225.jpg 300w, https:\/\/ib.eco\/wp-content\/uploads\/2023\/05\/6.3-liulin-motivatie-768x576.jpg 768w, https:\/\/ib.eco\/wp-content\/uploads\/2023\/05\/6.3-liulin-motivatie-1536x1152.jpg 1536w, https:\/\/ib.eco\/wp-content\/uploads\/2023\/05\/6.3-liulin-motivatie-2048x1536.jpg 2048w, https:\/\/ib.eco\/wp-content\/uploads\/2023\/05\/6.3-liulin-motivatie-16x12.jpg 16w\" sizes=\"(max-width: 800px) 100vw, 800px\" \/><\/div><\/div><\/a><\/figure><\/div><\/div><\/div><\/div><\/div><\/div><\/div>\n\n\n<h1 class=\"wp-block-heading has-large-font-size\">Meniu restr\u00e2ns, dar spectaculos<\/h1>\n\n\n\n<p>Meniul \u00eencape o pagin\u0103 A4, plastifiat\u0103. Dar pare c\u0103 nu-i nevoie de mai mult ca s\u0103 impresionezi. \u00cel parcurg o dat\u0103. \u00cel mai parcurg o dat\u0103. Mi-a\u0219 comanda cel pu\u021bin 12 dintre cele 17 feluri \u0219i n-a\u0219 zice nu ferm nici la celelalte 5 (le-a\u0219 ocoli doar pe cele cu orez, c\u0103ci nu-s super fan\u0103). Pache\u021bele de prim\u0103var\u0103, calamari, creve\u021bi \u0219i wontons la antreu, trei feluri principale cu orez, dou\u0103 tipuri de noodles, trei tipuri de supe, dou\u0103 salate \u0219i dou\u0103 deserturi.\u00a0<\/p>\n\n\n<style>.wp-block-kadence-advancedgallery.kb-gallery-wrap-id-627_90da4c-82{padding-right:var(--global-kb-spacing-5xl, 10rem);padding-left:var(--global-kb-spacing-5xl, 10rem);}.wp-block-kadence-advancedgallery.kb-gallery-wrap-id-627_90da4c-82{overflow:hidden;}.kb-gallery-type-carousel.kb-gallery-id-627_90da4c-82 .kt-blocks-carousel .kt-blocks-carousel-init:not( .splide-initialized ){margin-left:-5px;margin-right:-5px;}.kb-gallery-type-carousel.kb-gallery-id-627_90da4c-82 .kt-blocks-carousel .kt-blocks-carousel-init:not( .splide-initialized ) .kb-slide-item{padding-left:5px;padding-right:5px;}.kb-gallery-id-627_90da4c-82 .kadence-blocks-gallery-item .kb-gal-image-radius{border-radius:0px 0px 0px 0px;}@media all and (max-width: 1024px){.wp-block-kadence-advancedgallery.kb-gallery-wrap-id-627_90da4c-82{padding-right:var(--global-kb-spacing-lg, 3rem);padding-left:var(--global-kb-spacing-lg, 3rem);}}@media all and (max-width: 767px){.wp-block-kadence-advancedgallery.kb-gallery-wrap-id-627_90da4c-82{padding-right:0px;padding-left:0px;}}<\/style><div class=\"kb-gallery-wrap-id-627_90da4c-82 alignnone wp-block-kadence-advancedgallery\"><div class=\"kb-gallery-ul kb-gallery-non-static kb-gallery-type-carousel kb-gallery-id-627_90da4c-82 kb-gallery-caption-style-bottom-hover kb-gallery-filter-none kb-gallery-magnific-init\" data-image-filter=\"none\" data-lightbox-caption=\"true\"><div class=\"kt-blocks-carousel kt-carousel-container-dotstyle-dark\"><div class=\"kt-blocks-carousel-init kb-gallery-carousel kt-carousel-arrowstyle-whiteondark kt-carousel-dotstyle-dark\" data-columns-xxl=\"2\" data-columns-xl=\"2\" data-columns-md=\"2\" data-columns-sm=\"2\" data-columns-xs=\"1\" data-columns-ss=\"1\" data-slider-anim-speed=\"400\" data-slider-scroll=\"1\" data-slider-arrows=\"true\" data-slider-dots=\"true\" data-slider-hover-pause=\"false\" data-slider-auto=\"1\" data-slider-speed=\"7000\" data-slider-gap=\"10px\" data-slider-gap-tablet=\"10px\" data-slider-gap-mobile=\"10px\"><div class=\"kb-slide-item kb-gallery-carousel-item\"><div class=\"kadence-blocks-gallery-item\"><div class=\"kadence-blocks-gallery-item-inner\"><figure class=\"kb-gallery-figure kb-gallery-item-has-link kadence-blocks-gallery-item-hide-caption\" \"><a href=\"https:\/\/ib.eco\/wp-content\/uploads\/2023\/05\/6.4-liulin-masa-scaled.jpg\" data-description=\"Detalii de design la Liu Lin, \u00een Bruxelles\" data-alt=\"Detalii de design la Liu Lin, \u00een Bruxelles\" class=\"kb-gallery-item-link\"  ><div class=\"kb-gal-image-radius\"><div class=\"kb-gallery-image-contain kadence-blocks-gallery-intrinsic kb-gallery-image-ratio-land32 kb-has-image-ratio-land32\" ><img decoding=\"async\" src=\"https:\/\/ib.eco\/wp-content\/uploads\/2023\/05\/6.4-liulin-masa-768x1024.jpg\" width=\"768\" height=\"1024\" alt=\"Detalii de design la Liu Lin, \u00een Bruxelles\" data-full-image=\"https:\/\/ib.eco\/wp-content\/uploads\/2023\/05\/6.4-liulin-masa-scaled.jpg\" data-light-image=\"https:\/\/ib.eco\/wp-content\/uploads\/2023\/05\/6.4-liulin-masa-scaled.jpg\" data-id=\"840\" class=\"wp-image-840 skip-lazy\" srcset=\"https:\/\/ib.eco\/wp-content\/uploads\/2023\/05\/6.4-liulin-masa-768x1024.jpg 768w, https:\/\/ib.eco\/wp-content\/uploads\/2023\/05\/6.4-liulin-masa-225x300.jpg 225w, https:\/\/ib.eco\/wp-content\/uploads\/2023\/05\/6.4-liulin-masa-1152x1536.jpg 1152w, https:\/\/ib.eco\/wp-content\/uploads\/2023\/05\/6.4-liulin-masa-1536x2048.jpg 1536w, https:\/\/ib.eco\/wp-content\/uploads\/2023\/05\/6.4-liulin-masa-9x12.jpg 9w, https:\/\/ib.eco\/wp-content\/uploads\/2023\/05\/6.4-liulin-masa-scaled.jpg 1920w\" sizes=\"(max-width: 768px) 100vw, 768px\" \/><\/div><\/div><\/a><\/figure><\/div><\/div><\/div><div class=\"kb-slide-item kb-gallery-carousel-item\"><div class=\"kadence-blocks-gallery-item\"><div class=\"kadence-blocks-gallery-item-inner\"><figure class=\"kb-gallery-figure kb-gallery-item-has-link kadence-blocks-gallery-item-hide-caption\" \"><a href=\"https:\/\/ib.eco\/wp-content\/uploads\/2023\/05\/6.5-liulin-meniu.jpg-scaled.jpg\" data-description=\"Meniul la Liu Lin, \u00een Bruxelles\" data-alt=\"Meniul la Liu Lin, \u00een Bruxelles\" class=\"kb-gallery-item-link\"  ><div class=\"kb-gal-image-radius\"><div class=\"kb-gallery-image-contain kadence-blocks-gallery-intrinsic kb-gallery-image-ratio-land32 kb-has-image-ratio-land32\" ><img loading=\"lazy\" decoding=\"async\" src=\"https:\/\/ib.eco\/wp-content\/uploads\/2023\/05\/6.5-liulin-meniu.jpg-768x1024.jpg\" width=\"768\" height=\"1024\" alt=\"Meniul la Liu Lin, \u00een Bruxelles\" data-full-image=\"https:\/\/ib.eco\/wp-content\/uploads\/2023\/05\/6.5-liulin-meniu.jpg-scaled.jpg\" data-light-image=\"https:\/\/ib.eco\/wp-content\/uploads\/2023\/05\/6.5-liulin-meniu.jpg-scaled.jpg\" data-id=\"841\" class=\"wp-image-841 skip-lazy\" srcset=\"https:\/\/ib.eco\/wp-content\/uploads\/2023\/05\/6.5-liulin-meniu.jpg-768x1024.jpg 768w, https:\/\/ib.eco\/wp-content\/uploads\/2023\/05\/6.5-liulin-meniu.jpg-225x300.jpg 225w, https:\/\/ib.eco\/wp-content\/uploads\/2023\/05\/6.5-liulin-meniu.jpg-1152x1536.jpg 1152w, https:\/\/ib.eco\/wp-content\/uploads\/2023\/05\/6.5-liulin-meniu.jpg-1536x2048.jpg 1536w, https:\/\/ib.eco\/wp-content\/uploads\/2023\/05\/6.5-liulin-meniu.jpg-9x12.jpg 9w, https:\/\/ib.eco\/wp-content\/uploads\/2023\/05\/6.5-liulin-meniu.jpg-scaled.jpg 1920w\" sizes=\"(max-width: 768px) 100vw, 768px\" \/><\/div><\/div><\/a><\/figure><\/div><\/div><\/div><\/div><\/div><\/div><\/div><\/div><\/div>\n\n\n\n<p>Dintre toate, m\u0103 opresc la calamari \u0219i la supa Chinese Botanical, care vine \u00eenso\u021bit\u0103 de o diversitate de toppinguri: wonton, alge, col\u021buna\u0219i, edamame, varz\u0103 chinezeasc\u0103, shiitake, carne de soia, tofu, ceap\u0103 verde \u0219i coriandru. Frenezie.<\/p>\n\n\n\n<p>\u00cen timp ce a\u0219tept comanda, localul se umple. Vin \u00eenc\u0103 dou\u0103 grupuri, care aleg s\u0103 se \u00eenghesuie la mesele de afar\u0103, de\u0219i \u00eenc\u0103 e destul de rece pentru luna mai.<\/p>\n\n\n\n<h1 class=\"wp-block-heading\">Explozie de texturi \u0219i arome, \u00eentr-o singur\u0103 farfurie<\/h1>\n\n\n\n<p>Gust \u00eent\u00e2i din calamar. Sunt at\u00e2t de surprins\u0103 de textur\u0103 \u00eenc\u00e2t caut pe site dac\u0103 pentru cei de la Liu Lin vegan \u00eenseamn\u0103 f\u0103r\u0103 viet\u0103\u021bi marine. Descop\u0103r ce are la baz\u0103 \u0219i continui s\u0103 m\u0103 bucur de un fel de m\u00e2ncare pe care \u00eel apreciam tare mult c\u00e2nd eram omnivor\u0103. Doar c\u0103, de data aceasta, calamarul are la baz\u0103 konnyaku, o r\u0103d\u0103cin\u0103 asem\u0103n\u0103toare unui cartof, care d\u0103 calamarului vegan consisten\u021ba gelatinoas\u0103, \u00eembr\u0103cat\u0103 apoi de crusta aurie. \u00cemi place at\u00e2t de mult \u00eenc\u00e2t \u00eemi propun s\u0103 c\u0103ut konnyaku \u00een Rom\u00e2nia \u0219i s\u0103 \u00eencerc s\u0103 reproduc.<\/p>\n\n\n<style>.wp-block-kadence-advancedgallery.kb-gallery-wrap-id-627_abd979-40{padding-right:0px;padding-left:0px;}.wp-block-kadence-advancedgallery.kb-gallery-wrap-id-627_abd979-40{overflow:hidden;}.kb-gallery-type-carousel.kb-gallery-id-627_abd979-40 .kt-blocks-carousel .kt-blocks-carousel-init:not( .splide-initialized ){margin-left:-5px;margin-right:-5px;}.kb-gallery-type-carousel.kb-gallery-id-627_abd979-40 .kt-blocks-carousel .kt-blocks-carousel-init:not( .splide-initialized ) .kb-slide-item{padding-left:5px;padding-right:5px;}.kb-gallery-id-627_abd979-40 .kadence-blocks-gallery-item .kb-gal-image-radius{border-radius:0px 0px 0px 0px;}@media all and (max-width: 1024px){.wp-block-kadence-advancedgallery.kb-gallery-wrap-id-627_abd979-40{padding-right:var(--global-kb-spacing-lg, 3rem);padding-left:var(--global-kb-spacing-lg, 3rem);}}@media all and (max-width: 767px){.wp-block-kadence-advancedgallery.kb-gallery-wrap-id-627_abd979-40{padding-right:0px;padding-left:0px;}}<\/style><div class=\"kb-gallery-wrap-id-627_abd979-40 alignnone wp-block-kadence-advancedgallery\"><div class=\"kb-gallery-ul kb-gallery-non-static kb-gallery-type-carousel kb-gallery-id-627_abd979-40 kb-gallery-caption-style-bottom-hover kb-gallery-filter-none kb-gallery-magnific-init\" data-image-filter=\"none\" data-lightbox-caption=\"true\"><div class=\"kt-blocks-carousel kt-carousel-container-dotstyle-dark\"><div class=\"kt-blocks-carousel-init kb-gallery-carousel kt-carousel-arrowstyle-whiteondark kt-carousel-dotstyle-dark\" data-columns-xxl=\"3\" data-columns-xl=\"3\" data-columns-md=\"3\" data-columns-sm=\"2\" data-columns-xs=\"1\" data-columns-ss=\"1\" data-slider-anim-speed=\"400\" data-slider-scroll=\"1\" data-slider-arrows=\"true\" data-slider-dots=\"true\" data-slider-hover-pause=\"false\" data-slider-auto=\"1\" data-slider-speed=\"7000\" data-slider-gap=\"10px\" data-slider-gap-tablet=\"10px\" data-slider-gap-mobile=\"10px\"><div class=\"kb-slide-item kb-gallery-carousel-item\"><div class=\"kadence-blocks-gallery-item\"><div class=\"kadence-blocks-gallery-item-inner\"><figure class=\"kb-gallery-figure kb-gallery-item-has-link kadence-blocks-gallery-item-hide-caption\" \"><a href=\"https:\/\/ib.eco\/wp-content\/uploads\/2023\/05\/6.12-liulin-calamari-scaled.jpg\" data-description=\"Calamari vegani, la Liu Lin, \u00een Bruxelles\" data-alt=\"Calamari vegani, la Liu Lin, \u00een Bruxelles\" class=\"kb-gallery-item-link\"  ><div class=\"kb-gal-image-radius\"><div class=\"kb-gallery-image-contain kadence-blocks-gallery-intrinsic kb-gallery-image-ratio-land43 kb-has-image-ratio-land43\" ><img loading=\"lazy\" decoding=\"async\" src=\"https:\/\/ib.eco\/wp-content\/uploads\/2023\/05\/6.12-liulin-calamari-1024x768.jpg\" width=\"800\" height=\"600\" alt=\"Calamari vegani, la Liu Lin, \u00een Bruxelles\" data-full-image=\"https:\/\/ib.eco\/wp-content\/uploads\/2023\/05\/6.12-liulin-calamari-scaled.jpg\" data-light-image=\"https:\/\/ib.eco\/wp-content\/uploads\/2023\/05\/6.12-liulin-calamari-scaled.jpg\" data-id=\"848\" class=\"wp-image-848 skip-lazy\" srcset=\"https:\/\/ib.eco\/wp-content\/uploads\/2023\/05\/6.12-liulin-calamari-1024x768.jpg 1024w, https:\/\/ib.eco\/wp-content\/uploads\/2023\/05\/6.12-liulin-calamari-300x225.jpg 300w, https:\/\/ib.eco\/wp-content\/uploads\/2023\/05\/6.12-liulin-calamari-768x576.jpg 768w, https:\/\/ib.eco\/wp-content\/uploads\/2023\/05\/6.12-liulin-calamari-1536x1152.jpg 1536w, https:\/\/ib.eco\/wp-content\/uploads\/2023\/05\/6.12-liulin-calamari-2048x1536.jpg 2048w, https:\/\/ib.eco\/wp-content\/uploads\/2023\/05\/6.12-liulin-calamari-16x12.jpg 16w\" sizes=\"(max-width: 800px) 100vw, 800px\" \/><\/div><\/div><\/a><\/figure><\/div><\/div><\/div><div class=\"kb-slide-item kb-gallery-carousel-item\"><div class=\"kadence-blocks-gallery-item\"><div class=\"kadence-blocks-gallery-item-inner\"><figure class=\"kb-gallery-figure kb-gallery-item-has-link kadence-blocks-gallery-item-hide-caption\" \"><a href=\"https:\/\/ib.eco\/wp-content\/uploads\/2023\/05\/6.13-liulin-calamar-scaled.jpg\" data-description=\"Calamari vegani, la Liu Lin, \u00een Bruxelles\" data-alt=\"Calamari vegani, la Liu Lin, \u00een Bruxelles\" class=\"kb-gallery-item-link\"  ><div class=\"kb-gal-image-radius\"><div class=\"kb-gallery-image-contain kadence-blocks-gallery-intrinsic kb-gallery-image-ratio-land43 kb-has-image-ratio-land43\" ><img loading=\"lazy\" decoding=\"async\" src=\"https:\/\/ib.eco\/wp-content\/uploads\/2023\/05\/6.13-liulin-calamar-768x1024.jpg\" width=\"768\" height=\"1024\" alt=\"Calamari vegani, la Liu Lin, \u00een Bruxelles\" data-full-image=\"https:\/\/ib.eco\/wp-content\/uploads\/2023\/05\/6.13-liulin-calamar-scaled.jpg\" data-light-image=\"https:\/\/ib.eco\/wp-content\/uploads\/2023\/05\/6.13-liulin-calamar-scaled.jpg\" data-id=\"849\" class=\"wp-image-849 skip-lazy\" srcset=\"https:\/\/ib.eco\/wp-content\/uploads\/2023\/05\/6.13-liulin-calamar-768x1024.jpg 768w, https:\/\/ib.eco\/wp-content\/uploads\/2023\/05\/6.13-liulin-calamar-225x300.jpg 225w, https:\/\/ib.eco\/wp-content\/uploads\/2023\/05\/6.13-liulin-calamar-1152x1536.jpg 1152w, https:\/\/ib.eco\/wp-content\/uploads\/2023\/05\/6.13-liulin-calamar-1536x2048.jpg 1536w, https:\/\/ib.eco\/wp-content\/uploads\/2023\/05\/6.13-liulin-calamar-9x12.jpg 9w, https:\/\/ib.eco\/wp-content\/uploads\/2023\/05\/6.13-liulin-calamar-scaled.jpg 1920w\" sizes=\"(max-width: 768px) 100vw, 768px\" \/><\/div><\/div><\/a><\/figure><\/div><\/div><\/div><div class=\"kb-slide-item kb-gallery-carousel-item\"><div class=\"kadence-blocks-gallery-item\"><div class=\"kadence-blocks-gallery-item-inner\"><figure class=\"kb-gallery-figure kb-gallery-item-has-link kadence-blocks-gallery-item-hide-caption\" \"><a href=\"https:\/\/ib.eco\/wp-content\/uploads\/2023\/05\/6.14-liulin-calamar-muscat-scaled.jpg\" data-description=\"Calamari vegani, la Liu Lin, \u00een Bruxelles\" data-alt=\"Calamari vegani, la Liu Lin, \u00een Bruxelles\" class=\"kb-gallery-item-link\"  ><div class=\"kb-gal-image-radius\"><div class=\"kb-gallery-image-contain kadence-blocks-gallery-intrinsic kb-gallery-image-ratio-land43 kb-has-image-ratio-land43\" ><img loading=\"lazy\" decoding=\"async\" src=\"https:\/\/ib.eco\/wp-content\/uploads\/2023\/05\/6.14-liulin-calamar-muscat-768x1024.jpg\" width=\"768\" height=\"1024\" alt=\"Calamari vegani, la Liu Lin, \u00een Bruxelles\" data-full-image=\"https:\/\/ib.eco\/wp-content\/uploads\/2023\/05\/6.14-liulin-calamar-muscat-scaled.jpg\" data-light-image=\"https:\/\/ib.eco\/wp-content\/uploads\/2023\/05\/6.14-liulin-calamar-muscat-scaled.jpg\" data-id=\"850\" class=\"wp-image-850 skip-lazy\" srcset=\"https:\/\/ib.eco\/wp-content\/uploads\/2023\/05\/6.14-liulin-calamar-muscat-768x1024.jpg 768w, https:\/\/ib.eco\/wp-content\/uploads\/2023\/05\/6.14-liulin-calamar-muscat-225x300.jpg 225w, https:\/\/ib.eco\/wp-content\/uploads\/2023\/05\/6.14-liulin-calamar-muscat-1152x1536.jpg 1152w, https:\/\/ib.eco\/wp-content\/uploads\/2023\/05\/6.14-liulin-calamar-muscat-1536x2048.jpg 1536w, https:\/\/ib.eco\/wp-content\/uploads\/2023\/05\/6.14-liulin-calamar-muscat-9x12.jpg 9w, https:\/\/ib.eco\/wp-content\/uploads\/2023\/05\/6.14-liulin-calamar-muscat-scaled.jpg 1920w\" sizes=\"(max-width: 768px) 100vw, 768px\" \/><\/div><\/div><\/a><\/figure><\/div><\/div><\/div><\/div><\/div><\/div><\/div>\n\n\n<p>Dar s\u0103 trecem \u0219i la sup\u0103, p\u00e2n\u0103 nu se r\u0103ce\u0219te complet. Nici nu \u0219tiu de unde s\u0103 \u00eencep. Peste toate, troneaz\u0103 un wonton rumenit bine, cu un aspect extrem de apetisant. Deasupra e \u00eenc\u0103 crocant, dar partea de jos, p\u0103truns\u0103 de sup\u0103, dezv\u0103luie o past\u0103 de tofu, cu turmeric \u0219i verdea\u021b\u0103. \u00cemi atrage aten\u021bia \u0219i un baton maroniu, ferm, crocant. Mu\u0219c din el \u0219i un gust de miso \u00eemi invadeaz\u0103 gura. Mai multe despre componen\u021b\u0103 nu a\u0219 \u0219ti \u00eens\u0103 s\u0103 spun. B\u0103nuiesc c\u0103 este carnea din soia, c\u0103ci, pe m\u0103sur\u0103 ce se fr\u0103geze\u0219te \u00een sup\u0103, devine gumoas\u0103. Sorb \u0219i din zeam\u0103, iar coriandrul \u00ee\u0219i face sim\u021bit\u0103 prezen\u021ba. Edamamele \u0219i morcovul sunt g\u0103tite potrivit, astfel \u00eenc\u00e2t cr\u0103n\u021b\u0103ne u\u0219or \u00eentre m\u0103sele. Ultimii pe care-i descop\u0103r sunt col\u021buna\u0219ii, acele dumplings din care eu una a\u0219 m\u00e2nca la nesf\u00e2r\u0219it. Cei clasici sunt umplu\u021bi cu morcov, ceap\u0103 \u0219i verdea\u021b\u0103. Dar mai e unul, sub form\u0103 de mo\u021b, ceva mai diferit: prin aluatul un pic mai gros se v\u0103d buc\u0103\u021bi de ceap\u0103 \u0219i morcov, iar \u00eenauntru are o past\u0103 dulceag\u0103 \u0219i cremoas\u0103, care imit\u0103 carnea tocat\u0103. Singurul meu regret este c\u0103 nu \u0219tiu m\u00e2nca suficient de bine cu be\u021bi\u0219oare, a\u0219a c\u0103 m\u0103 lupt ni\u021bel s\u0103 prind \u00een lingur\u0103 t\u0103i\u021beii din orez r\u0103ma\u0219i pe fundul farfuriei, la final.<\/p>\n\n\n<style>.wp-block-kadence-advancedgallery.kb-gallery-wrap-id-627_0d56e6-e6{padding-right:var(--global-kb-spacing-5xl, 10rem);padding-left:var(--global-kb-spacing-5xl, 10rem);}.wp-block-kadence-advancedgallery.kb-gallery-wrap-id-627_0d56e6-e6{overflow:hidden;}.kb-gallery-type-carousel.kb-gallery-id-627_0d56e6-e6 .kt-blocks-carousel .kt-blocks-carousel-init:not( .splide-initialized ){margin-left:-5px;margin-right:-5px;}.kb-gallery-type-carousel.kb-gallery-id-627_0d56e6-e6 .kt-blocks-carousel .kt-blocks-carousel-init:not( .splide-initialized ) .kb-slide-item{padding-left:5px;padding-right:5px;}.kb-gallery-id-627_0d56e6-e6 .kadence-blocks-gallery-item .kb-gal-image-radius{border-radius:0px 0px 0px 0px;}@media all and (max-width: 1024px){.wp-block-kadence-advancedgallery.kb-gallery-wrap-id-627_0d56e6-e6{padding-right:var(--global-kb-spacing-lg, 3rem);padding-left:var(--global-kb-spacing-lg, 3rem);}}@media all and (max-width: 767px){.wp-block-kadence-advancedgallery.kb-gallery-wrap-id-627_0d56e6-e6{padding-right:0px;padding-left:0px;}}<\/style><div class=\"kb-gallery-wrap-id-627_0d56e6-e6 alignnone wp-block-kadence-advancedgallery\"><div class=\"kb-gallery-ul kb-gallery-non-static kb-gallery-type-carousel kb-gallery-id-627_0d56e6-e6 kb-gallery-caption-style-bottom-hover kb-gallery-filter-none kb-gallery-magnific-init\" data-image-filter=\"none\" data-lightbox-caption=\"true\"><div class=\"kt-blocks-carousel kt-carousel-container-dotstyle-dark\"><div class=\"kt-blocks-carousel-init kb-gallery-carousel kt-carousel-arrowstyle-whiteondark kt-carousel-dotstyle-dark\" data-columns-xxl=\"2\" data-columns-xl=\"2\" data-columns-md=\"2\" data-columns-sm=\"2\" data-columns-xs=\"1\" data-columns-ss=\"1\" data-slider-anim-speed=\"400\" data-slider-scroll=\"all\" data-slider-arrows=\"true\" data-slider-dots=\"true\" data-slider-hover-pause=\"false\" data-slider-auto=\"1\" data-slider-speed=\"7000\" data-slider-gap=\"10px\" data-slider-gap-tablet=\"10px\" data-slider-gap-mobile=\"10px\"><div class=\"kb-slide-item kb-gallery-carousel-item\"><div class=\"kadence-blocks-gallery-item\"><div class=\"kadence-blocks-gallery-item-inner\"><figure class=\"kb-gallery-figure kb-gallery-item-has-link kadence-blocks-gallery-item-hide-caption\" \"><a href=\"https:\/\/ib.eco\/wp-content\/uploads\/2023\/05\/6.1-liulin-header-scaled.jpg\" data-description=\"Cel mai bun ramen, la Liu Lin, \u00een Bruxelles\" data-alt=\"Cel mai bun ramen, la Liu Lin, \u00een Bruxelles\" class=\"kb-gallery-item-link\"  ><div class=\"kb-gal-image-radius\"><div class=\"kb-gallery-image-contain kadence-blocks-gallery-intrinsic kb-gallery-image-ratio-land32 kb-has-image-ratio-land32\" ><img loading=\"lazy\" decoding=\"async\" src=\"https:\/\/ib.eco\/wp-content\/uploads\/2023\/05\/6.1-liulin-header-1024x768.jpg\" width=\"800\" height=\"600\" alt=\"Cel mai bun ramen, la Liu Lin, \u00een Bruxelles\" data-full-image=\"https:\/\/ib.eco\/wp-content\/uploads\/2023\/05\/6.1-liulin-header-scaled.jpg\" data-light-image=\"https:\/\/ib.eco\/wp-content\/uploads\/2023\/05\/6.1-liulin-header-scaled.jpg\" data-id=\"836\" class=\"wp-image-836 skip-lazy\" srcset=\"https:\/\/ib.eco\/wp-content\/uploads\/2023\/05\/6.1-liulin-header-1024x768.jpg 1024w, https:\/\/ib.eco\/wp-content\/uploads\/2023\/05\/6.1-liulin-header-300x225.jpg 300w, https:\/\/ib.eco\/wp-content\/uploads\/2023\/05\/6.1-liulin-header-768x576.jpg 768w, https:\/\/ib.eco\/wp-content\/uploads\/2023\/05\/6.1-liulin-header-1536x1152.jpg 1536w, https:\/\/ib.eco\/wp-content\/uploads\/2023\/05\/6.1-liulin-header-2048x1536.jpg 2048w, https:\/\/ib.eco\/wp-content\/uploads\/2023\/05\/6.1-liulin-header-16x12.jpg 16w\" sizes=\"(max-width: 800px) 100vw, 800px\" \/><\/div><\/div><\/a><\/figure><\/div><\/div><\/div><div class=\"kb-slide-item kb-gallery-carousel-item\"><div class=\"kadence-blocks-gallery-item\"><div class=\"kadence-blocks-gallery-item-inner\"><figure class=\"kb-gallery-figure kb-gallery-item-has-link kadence-blocks-gallery-item-hide-caption\" \"><a href=\"https:\/\/ib.eco\/wp-content\/uploads\/2023\/05\/6.7-liulin-ramen-scaled.jpg\" data-description=\"Ingrediente din ramen, la Liu Lin, \u00een Bruxelles\" data-alt=\"Ingrediente din ramen, la Liu Lin, \u00een Bruxelles\" class=\"kb-gallery-item-link\"  ><div class=\"kb-gal-image-radius\"><div class=\"kb-gallery-image-contain kadence-blocks-gallery-intrinsic kb-gallery-image-ratio-land32 kb-has-image-ratio-land32\" ><img loading=\"lazy\" decoding=\"async\" src=\"https:\/\/ib.eco\/wp-content\/uploads\/2023\/05\/6.7-liulin-ramen-1024x768.jpg\" width=\"800\" height=\"600\" alt=\"Ingrediente din ramen, la Liu Lin, \u00een Bruxelles\" data-full-image=\"https:\/\/ib.eco\/wp-content\/uploads\/2023\/05\/6.7-liulin-ramen-scaled.jpg\" data-light-image=\"https:\/\/ib.eco\/wp-content\/uploads\/2023\/05\/6.7-liulin-ramen-scaled.jpg\" data-id=\"843\" class=\"wp-image-843 skip-lazy\" srcset=\"https:\/\/ib.eco\/wp-content\/uploads\/2023\/05\/6.7-liulin-ramen-1024x768.jpg 1024w, https:\/\/ib.eco\/wp-content\/uploads\/2023\/05\/6.7-liulin-ramen-300x225.jpg 300w, https:\/\/ib.eco\/wp-content\/uploads\/2023\/05\/6.7-liulin-ramen-768x576.jpg 768w, https:\/\/ib.eco\/wp-content\/uploads\/2023\/05\/6.7-liulin-ramen-1536x1152.jpg 1536w, https:\/\/ib.eco\/wp-content\/uploads\/2023\/05\/6.7-liulin-ramen-2048x1536.jpg 2048w, https:\/\/ib.eco\/wp-content\/uploads\/2023\/05\/6.7-liulin-ramen-16x12.jpg 16w\" sizes=\"(max-width: 800px) 100vw, 800px\" \/><\/div><\/div><\/a><\/figure><\/div><\/div><\/div><div class=\"kb-slide-item kb-gallery-carousel-item\"><div class=\"kadence-blocks-gallery-item\"><div class=\"kadence-blocks-gallery-item-inner\"><figure class=\"kb-gallery-figure kb-gallery-item-has-link kadence-blocks-gallery-item-hide-caption\" \"><a href=\"https:\/\/ib.eco\/wp-content\/uploads\/2023\/05\/6.8-liulin-ramen-scaled.jpg\" data-description=\"Ingrediente din ramen, la Liu Lin, \u00een Bruxelles\" data-alt=\"Ingrediente din ramen, la Liu Lin, \u00een Bruxelles\" class=\"kb-gallery-item-link\"  ><div class=\"kb-gal-image-radius\"><div class=\"kb-gallery-image-contain kadence-blocks-gallery-intrinsic kb-gallery-image-ratio-land32 kb-has-image-ratio-land32\" ><img loading=\"lazy\" decoding=\"async\" src=\"https:\/\/ib.eco\/wp-content\/uploads\/2023\/05\/6.8-liulin-ramen-1024x768.jpg\" width=\"800\" height=\"600\" alt=\"Ingrediente din ramen, la Liu Lin, \u00een Bruxelles\" data-full-image=\"https:\/\/ib.eco\/wp-content\/uploads\/2023\/05\/6.8-liulin-ramen-scaled.jpg\" data-light-image=\"https:\/\/ib.eco\/wp-content\/uploads\/2023\/05\/6.8-liulin-ramen-scaled.jpg\" data-id=\"844\" class=\"wp-image-844 skip-lazy\" srcset=\"https:\/\/ib.eco\/wp-content\/uploads\/2023\/05\/6.8-liulin-ramen-1024x768.jpg 1024w, https:\/\/ib.eco\/wp-content\/uploads\/2023\/05\/6.8-liulin-ramen-300x225.jpg 300w, https:\/\/ib.eco\/wp-content\/uploads\/2023\/05\/6.8-liulin-ramen-768x576.jpg 768w, https:\/\/ib.eco\/wp-content\/uploads\/2023\/05\/6.8-liulin-ramen-1536x1152.jpg 1536w, https:\/\/ib.eco\/wp-content\/uploads\/2023\/05\/6.8-liulin-ramen-2048x1536.jpg 2048w, https:\/\/ib.eco\/wp-content\/uploads\/2023\/05\/6.8-liulin-ramen-16x12.jpg 16w\" sizes=\"(max-width: 800px) 100vw, 800px\" \/><\/div><\/div><\/a><\/figure><\/div><\/div><\/div><div class=\"kb-slide-item kb-gallery-carousel-item\"><div class=\"kadence-blocks-gallery-item\"><div class=\"kadence-blocks-gallery-item-inner\"><figure class=\"kb-gallery-figure kb-gallery-item-has-link kadence-blocks-gallery-item-hide-caption\" \"><a href=\"https:\/\/ib.eco\/wp-content\/uploads\/2023\/05\/6.9-liulin-ramen-scaled.jpg\" data-description=\"Ingrediente din ramen, la Liu Lin, \u00een Bruxelles\" data-alt=\"Ingrediente din ramen, la Liu Lin, \u00een Bruxelles\" class=\"kb-gallery-item-link\"  ><div class=\"kb-gal-image-radius\"><div class=\"kb-gallery-image-contain kadence-blocks-gallery-intrinsic kb-gallery-image-ratio-land32 kb-has-image-ratio-land32\" ><img loading=\"lazy\" decoding=\"async\" src=\"https:\/\/ib.eco\/wp-content\/uploads\/2023\/05\/6.9-liulin-ramen-1024x768.jpg\" width=\"800\" height=\"600\" alt=\"Ingrediente din ramen, la Liu Lin, \u00een Bruxelles\" data-full-image=\"https:\/\/ib.eco\/wp-content\/uploads\/2023\/05\/6.9-liulin-ramen-scaled.jpg\" data-light-image=\"https:\/\/ib.eco\/wp-content\/uploads\/2023\/05\/6.9-liulin-ramen-scaled.jpg\" data-id=\"845\" class=\"wp-image-845 skip-lazy\" srcset=\"https:\/\/ib.eco\/wp-content\/uploads\/2023\/05\/6.9-liulin-ramen-1024x768.jpg 1024w, https:\/\/ib.eco\/wp-content\/uploads\/2023\/05\/6.9-liulin-ramen-300x225.jpg 300w, https:\/\/ib.eco\/wp-content\/uploads\/2023\/05\/6.9-liulin-ramen-768x576.jpg 768w, https:\/\/ib.eco\/wp-content\/uploads\/2023\/05\/6.9-liulin-ramen-1536x1152.jpg 1536w, https:\/\/ib.eco\/wp-content\/uploads\/2023\/05\/6.9-liulin-ramen-2048x1536.jpg 2048w, https:\/\/ib.eco\/wp-content\/uploads\/2023\/05\/6.9-liulin-ramen-16x12.jpg 16w\" sizes=\"(max-width: 800px) 100vw, 800px\" \/><\/div><\/div><\/a><\/figure><\/div><\/div><\/div><div class=\"kb-slide-item kb-gallery-carousel-item\"><div class=\"kadence-blocks-gallery-item\"><div class=\"kadence-blocks-gallery-item-inner\"><figure class=\"kb-gallery-figure kb-gallery-item-has-link kadence-blocks-gallery-item-hide-caption\" \"><a href=\"https:\/\/ib.eco\/wp-content\/uploads\/2023\/05\/6.10-liulin-ramen-scaled.jpg\" data-description=\"Ingrediente din ramen, la Liu Lin, \u00een Bruxelles\" data-alt=\"Ingrediente din ramen, la Liu Lin, \u00een Bruxelles\" class=\"kb-gallery-item-link\"  ><div class=\"kb-gal-image-radius\"><div class=\"kb-gallery-image-contain kadence-blocks-gallery-intrinsic kb-gallery-image-ratio-land32 kb-has-image-ratio-land32\" ><img loading=\"lazy\" decoding=\"async\" src=\"https:\/\/ib.eco\/wp-content\/uploads\/2023\/05\/6.10-liulin-ramen-1024x768.jpg\" width=\"800\" height=\"600\" alt=\"Ingrediente din ramen, la Liu Lin, \u00een Bruxelles\" data-full-image=\"https:\/\/ib.eco\/wp-content\/uploads\/2023\/05\/6.10-liulin-ramen-scaled.jpg\" data-light-image=\"https:\/\/ib.eco\/wp-content\/uploads\/2023\/05\/6.10-liulin-ramen-scaled.jpg\" data-id=\"846\" class=\"wp-image-846 skip-lazy\" srcset=\"https:\/\/ib.eco\/wp-content\/uploads\/2023\/05\/6.10-liulin-ramen-1024x768.jpg 1024w, https:\/\/ib.eco\/wp-content\/uploads\/2023\/05\/6.10-liulin-ramen-300x225.jpg 300w, https:\/\/ib.eco\/wp-content\/uploads\/2023\/05\/6.10-liulin-ramen-768x576.jpg 768w, https:\/\/ib.eco\/wp-content\/uploads\/2023\/05\/6.10-liulin-ramen-1536x1152.jpg 1536w, https:\/\/ib.eco\/wp-content\/uploads\/2023\/05\/6.10-liulin-ramen-2048x1536.jpg 2048w, https:\/\/ib.eco\/wp-content\/uploads\/2023\/05\/6.10-liulin-ramen-16x12.jpg 16w\" sizes=\"(max-width: 800px) 100vw, 800px\" \/><\/div><\/div><\/a><\/figure><\/div><\/div><\/div><div class=\"kb-slide-item kb-gallery-carousel-item\"><div class=\"kadence-blocks-gallery-item\"><div class=\"kadence-blocks-gallery-item-inner\"><figure class=\"kb-gallery-figure kb-gallery-item-has-link kadence-blocks-gallery-item-hide-caption\" \"><a href=\"https:\/\/ib.eco\/wp-content\/uploads\/2023\/05\/6.11-liulin-ramen-scaled.jpg\" data-description=\"Ingrediente din ramen, la Liu Lin, \u00een Bruxelles\" data-alt=\"Ingrediente din ramen, la Liu Lin, \u00een Bruxelles\" class=\"kb-gallery-item-link\"  ><div class=\"kb-gal-image-radius\"><div class=\"kb-gallery-image-contain kadence-blocks-gallery-intrinsic kb-gallery-image-ratio-land32 kb-has-image-ratio-land32\" ><img loading=\"lazy\" decoding=\"async\" src=\"https:\/\/ib.eco\/wp-content\/uploads\/2023\/05\/6.11-liulin-ramen-768x1024.jpg\" width=\"768\" height=\"1024\" alt=\"Ingrediente din ramen, la Liu Lin, \u00een Bruxelles\" data-full-image=\"https:\/\/ib.eco\/wp-content\/uploads\/2023\/05\/6.11-liulin-ramen-scaled.jpg\" data-light-image=\"https:\/\/ib.eco\/wp-content\/uploads\/2023\/05\/6.11-liulin-ramen-scaled.jpg\" data-id=\"847\" class=\"wp-image-847 skip-lazy\" srcset=\"https:\/\/ib.eco\/wp-content\/uploads\/2023\/05\/6.11-liulin-ramen-768x1024.jpg 768w, https:\/\/ib.eco\/wp-content\/uploads\/2023\/05\/6.11-liulin-ramen-225x300.jpg 225w, https:\/\/ib.eco\/wp-content\/uploads\/2023\/05\/6.11-liulin-ramen-1152x1536.jpg 1152w, https:\/\/ib.eco\/wp-content\/uploads\/2023\/05\/6.11-liulin-ramen-1536x2048.jpg 1536w, https:\/\/ib.eco\/wp-content\/uploads\/2023\/05\/6.11-liulin-ramen-9x12.jpg 9w, https:\/\/ib.eco\/wp-content\/uploads\/2023\/05\/6.11-liulin-ramen-scaled.jpg 1920w\" sizes=\"(max-width: 768px) 100vw, 768px\" \/><\/div><\/div><\/a><\/figure><\/div><\/div><\/div><\/div><\/div><\/div><\/div>\n\n\n<p>Verdictul? Nu am fost \u00een nicio alt\u0103 parte at\u00e2t de impresionat\u0103 de varietatea de arome \u0219i texturi. Este, p\u00e2n\u0103 \u00een la data redact\u0103rii \u0219i edit\u0103rii, experien\u021ba mea culinar\u0103 preferat\u0103. \u0218i da, am scris asta p\u00e2n\u0103 s\u0103 ajung la desert.&nbsp;<\/p>\n\n\n\n<h1 class=\"wp-block-heading has-large-font-size\">\u00cenghe\u021bata, nea\u0219teptat de cremoas\u0103<\/h1>\n\n\n\n<p>La cas\u0103, \u00eentreb dac\u0103 pot lua \u00eenghe\u021bata la pachet, ca s\u0103 nu mai \u021bin masa ocupat\u0103 \u00een timp ce at\u00e2\u021bia al\u021bi oameni a\u0219teapt\u0103 s\u0103 le vin\u0103 r\u00e2ndul. Mi se spune c\u0103 da, c\u0103ci e un desert pe care nu \u00eel fac ei, ci un furzinor belgian: Heppie Cow. Mai t\u00e2rziu aflu c\u0103 brandul este \u021binut pe picioare de un singur om, care produce peste 123 de sortimente de \u00eenghe\u021bat\u0103, toate vegane. \u0218i c\u00e2nd spun \u00eenghe\u021bat\u0103, chiar m\u0103 refer la \u00eenghe\u021bat\u0103, iar nu la sorbet, adic\u0103 fructe \u00eenghe\u021bate g\u0103site pe post de sortimente vegane \u00een gelateriile din Bucure\u0219ti.\u00a0<\/p>\n\n\n<style>.wp-block-kadence-advancedgallery.kb-gallery-wrap-id-627_7fb3de-a2{padding-right:var(--global-kb-spacing-5xl, 10rem);padding-left:var(--global-kb-spacing-5xl, 10rem);}.wp-block-kadence-advancedgallery.kb-gallery-wrap-id-627_7fb3de-a2{overflow:hidden;}.kb-gallery-type-carousel.kb-gallery-id-627_7fb3de-a2 .kt-blocks-carousel .kt-blocks-carousel-init:not( .splide-initialized ){margin-left:-5px;margin-right:-5px;}.kb-gallery-type-carousel.kb-gallery-id-627_7fb3de-a2 .kt-blocks-carousel .kt-blocks-carousel-init:not( .splide-initialized ) .kb-slide-item{padding-left:5px;padding-right:5px;}.kb-gallery-id-627_7fb3de-a2 .kadence-blocks-gallery-item .kb-gal-image-radius{border-radius:0px 0px 0px 0px;}@media all and (max-width: 1024px){.wp-block-kadence-advancedgallery.kb-gallery-wrap-id-627_7fb3de-a2{padding-right:var(--global-kb-spacing-lg, 3rem);padding-left:var(--global-kb-spacing-lg, 3rem);}}@media all and (max-width: 767px){.wp-block-kadence-advancedgallery.kb-gallery-wrap-id-627_7fb3de-a2{padding-right:0px;padding-left:0px;}}<\/style><div class=\"kb-gallery-wrap-id-627_7fb3de-a2 alignnone wp-block-kadence-advancedgallery\"><div class=\"kb-gallery-ul kb-gallery-non-static kb-gallery-type-carousel kb-gallery-id-627_7fb3de-a2 kb-gallery-caption-style-bottom-hover kb-gallery-filter-none kb-gallery-magnific-init\" data-image-filter=\"none\" data-lightbox-caption=\"true\"><div class=\"kt-blocks-carousel kt-carousel-container-dotstyle-dark\"><div class=\"kt-blocks-carousel-init kb-gallery-carousel kt-carousel-arrowstyle-whiteondark kt-carousel-dotstyle-dark\" data-columns-xxl=\"2\" data-columns-xl=\"2\" data-columns-md=\"2\" data-columns-sm=\"2\" data-columns-xs=\"1\" data-columns-ss=\"1\" data-slider-anim-speed=\"400\" data-slider-scroll=\"all\" data-slider-arrows=\"true\" data-slider-dots=\"true\" data-slider-hover-pause=\"false\" data-slider-auto=\"1\" data-slider-speed=\"7000\" data-slider-gap=\"10px\" data-slider-gap-tablet=\"10px\" data-slider-gap-mobile=\"10px\"><div class=\"kb-slide-item kb-gallery-carousel-item\"><div class=\"kadence-blocks-gallery-item\"><div class=\"kadence-blocks-gallery-item-inner\"><figure class=\"kb-gallery-figure kb-gallery-item-has-link kadence-blocks-gallery-item-hide-caption\" \"><a href=\"https:\/\/ib.eco\/wp-content\/uploads\/2023\/05\/6.15-liulin-ferrero-rocker-scaled.jpg\" data-description=\"\u00cenghe\u021bat\u0103 vegan\u0103, la Liu Lin, \u00een Bruxelles\" data-alt=\"\u00cenghe\u021bat\u0103 vegan\u0103, la Liu Lin, \u00een Bruxelles\" class=\"kb-gallery-item-link\"  ><div class=\"kb-gal-image-radius\"><div class=\"kb-gallery-image-contain kadence-blocks-gallery-intrinsic kb-gallery-image-ratio-land32 kb-has-image-ratio-land32\" ><img loading=\"lazy\" decoding=\"async\" src=\"https:\/\/ib.eco\/wp-content\/uploads\/2023\/05\/6.15-liulin-ferrero-rocker-768x1024.jpg\" width=\"768\" height=\"1024\" alt=\"\u00cenghe\u021bat\u0103 vegan\u0103, la Liu Lin, \u00een Bruxelles\" data-full-image=\"https:\/\/ib.eco\/wp-content\/uploads\/2023\/05\/6.15-liulin-ferrero-rocker-scaled.jpg\" data-light-image=\"https:\/\/ib.eco\/wp-content\/uploads\/2023\/05\/6.15-liulin-ferrero-rocker-scaled.jpg\" data-id=\"851\" class=\"wp-image-851 skip-lazy\" srcset=\"https:\/\/ib.eco\/wp-content\/uploads\/2023\/05\/6.15-liulin-ferrero-rocker-768x1024.jpg 768w, https:\/\/ib.eco\/wp-content\/uploads\/2023\/05\/6.15-liulin-ferrero-rocker-225x300.jpg 225w, https:\/\/ib.eco\/wp-content\/uploads\/2023\/05\/6.15-liulin-ferrero-rocker-1152x1536.jpg 1152w, https:\/\/ib.eco\/wp-content\/uploads\/2023\/05\/6.15-liulin-ferrero-rocker-1536x2048.jpg 1536w, https:\/\/ib.eco\/wp-content\/uploads\/2023\/05\/6.15-liulin-ferrero-rocker-9x12.jpg 9w, https:\/\/ib.eco\/wp-content\/uploads\/2023\/05\/6.15-liulin-ferrero-rocker-scaled.jpg 1920w\" sizes=\"(max-width: 768px) 100vw, 768px\" \/><\/div><\/div><\/a><\/figure><\/div><\/div><\/div><div class=\"kb-slide-item kb-gallery-carousel-item\"><div class=\"kadence-blocks-gallery-item\"><div class=\"kadence-blocks-gallery-item-inner\"><figure class=\"kb-gallery-figure kb-gallery-item-has-link kadence-blocks-gallery-item-hide-caption\" \"><a href=\"https:\/\/ib.eco\/wp-content\/uploads\/2023\/05\/6.16-liulin-inghetata-scaled.jpg\" data-description=\"\u00cenghe\u021bat\u0103 vegan\u0103, la Liu Lin, \u00een Bruxelles\" data-alt=\"\u00cenghe\u021bat\u0103 vegan\u0103, la Liu Lin, \u00een Bruxelles\" class=\"kb-gallery-item-link\"  ><div class=\"kb-gal-image-radius\"><div class=\"kb-gallery-image-contain kadence-blocks-gallery-intrinsic kb-gallery-image-ratio-land32 kb-has-image-ratio-land32\" ><img loading=\"lazy\" decoding=\"async\" src=\"https:\/\/ib.eco\/wp-content\/uploads\/2023\/05\/6.16-liulin-inghetata-1024x768.jpg\" width=\"800\" height=\"600\" alt=\"\u00cenghe\u021bat\u0103 vegan\u0103, la Liu Lin, \u00een Bruxelles\" data-full-image=\"https:\/\/ib.eco\/wp-content\/uploads\/2023\/05\/6.16-liulin-inghetata-scaled.jpg\" data-light-image=\"https:\/\/ib.eco\/wp-content\/uploads\/2023\/05\/6.16-liulin-inghetata-scaled.jpg\" data-id=\"852\" class=\"wp-image-852 skip-lazy\" srcset=\"https:\/\/ib.eco\/wp-content\/uploads\/2023\/05\/6.16-liulin-inghetata-1024x768.jpg 1024w, https:\/\/ib.eco\/wp-content\/uploads\/2023\/05\/6.16-liulin-inghetata-300x225.jpg 300w, https:\/\/ib.eco\/wp-content\/uploads\/2023\/05\/6.16-liulin-inghetata-768x576.jpg 768w, https:\/\/ib.eco\/wp-content\/uploads\/2023\/05\/6.16-liulin-inghetata-1536x1152.jpg 1536w, https:\/\/ib.eco\/wp-content\/uploads\/2023\/05\/6.16-liulin-inghetata-2048x1536.jpg 2048w, https:\/\/ib.eco\/wp-content\/uploads\/2023\/05\/6.16-liulin-inghetata-16x12.jpg 16w\" sizes=\"(max-width: 800px) 100vw, 800px\" \/><\/div><\/div><\/a><\/figure><\/div><\/div><\/div><div class=\"kb-slide-item kb-gallery-carousel-item\"><div class=\"kadence-blocks-gallery-item\"><div class=\"kadence-blocks-gallery-item-inner\"><figure class=\"kb-gallery-figure kb-gallery-item-has-link kadence-blocks-gallery-item-hide-caption\" \"><a href=\"https:\/\/ib.eco\/wp-content\/uploads\/2023\/05\/6.18-liulin-lingurita-inghetata-scaled.jpg\" data-description=\"\u00cenghe\u021bat\u0103 vegan\u0103, la Liu Lin, \u00een Bruxelles\" data-alt=\"\u00cenghe\u021bat\u0103 vegan\u0103, la Liu Lin, \u00een Bruxelles\" class=\"kb-gallery-item-link\"  ><div class=\"kb-gal-image-radius\"><div class=\"kb-gallery-image-contain kadence-blocks-gallery-intrinsic kb-gallery-image-ratio-land32 kb-has-image-ratio-land32\" ><img loading=\"lazy\" decoding=\"async\" src=\"https:\/\/ib.eco\/wp-content\/uploads\/2023\/05\/6.18-liulin-lingurita-inghetata-768x1024.jpg\" width=\"768\" height=\"1024\" alt=\"\u00cenghe\u021bat\u0103 vegan\u0103, la Liu Lin, \u00een Bruxelles\" data-full-image=\"https:\/\/ib.eco\/wp-content\/uploads\/2023\/05\/6.18-liulin-lingurita-inghetata-scaled.jpg\" data-light-image=\"https:\/\/ib.eco\/wp-content\/uploads\/2023\/05\/6.18-liulin-lingurita-inghetata-scaled.jpg\" data-id=\"854\" class=\"wp-image-854 skip-lazy\" srcset=\"https:\/\/ib.eco\/wp-content\/uploads\/2023\/05\/6.18-liulin-lingurita-inghetata-768x1024.jpg 768w, https:\/\/ib.eco\/wp-content\/uploads\/2023\/05\/6.18-liulin-lingurita-inghetata-225x300.jpg 225w, https:\/\/ib.eco\/wp-content\/uploads\/2023\/05\/6.18-liulin-lingurita-inghetata-1152x1536.jpg 1152w, https:\/\/ib.eco\/wp-content\/uploads\/2023\/05\/6.18-liulin-lingurita-inghetata-1536x2048.jpg 1536w, https:\/\/ib.eco\/wp-content\/uploads\/2023\/05\/6.18-liulin-lingurita-inghetata-9x12.jpg 9w, https:\/\/ib.eco\/wp-content\/uploads\/2023\/05\/6.18-liulin-lingurita-inghetata-scaled.jpg 1920w\" sizes=\"(max-width: 768px) 100vw, 768px\" \/><\/div><\/div><\/a><\/figure><\/div><\/div><\/div><div class=\"kb-slide-item kb-gallery-carousel-item\"><div class=\"kadence-blocks-gallery-item\"><div class=\"kadence-blocks-gallery-item-inner\"><figure class=\"kb-gallery-figure kb-gallery-item-has-link kadence-blocks-gallery-item-hide-caption\" \"><a href=\"https:\/\/ib.eco\/wp-content\/uploads\/2023\/05\/6.17-liulin-eu-si-inghetata-scaled.jpg\" data-description=\"Bucur\u00e2ndu-m\u0103 de \u00eenghe\u021bat\u0103 vegan\u0103 de la Liu Lin, \u00een Bruxelles\" data-alt=\"Bucur\u00e2ndu-m\u0103 de \u00eenghe\u021bat\u0103 vegan\u0103 de la Liu Lin, \u00een Bruxelles\" class=\"kb-gallery-item-link\"  ><div class=\"kb-gal-image-radius\"><div class=\"kb-gallery-image-contain kadence-blocks-gallery-intrinsic kb-gallery-image-ratio-land32 kb-has-image-ratio-land32\" ><img loading=\"lazy\" decoding=\"async\" src=\"https:\/\/ib.eco\/wp-content\/uploads\/2023\/05\/6.17-liulin-eu-si-inghetata-1024x767.jpg\" width=\"800\" height=\"599\" alt=\"Bucur\u00e2ndu-m\u0103 de \u00eenghe\u021bat\u0103 vegan\u0103 de la Liu Lin, \u00een Bruxelles\" data-full-image=\"https:\/\/ib.eco\/wp-content\/uploads\/2023\/05\/6.17-liulin-eu-si-inghetata-scaled.jpg\" data-light-image=\"https:\/\/ib.eco\/wp-content\/uploads\/2023\/05\/6.17-liulin-eu-si-inghetata-scaled.jpg\" data-id=\"853\" class=\"wp-image-853 skip-lazy\" srcset=\"https:\/\/ib.eco\/wp-content\/uploads\/2023\/05\/6.17-liulin-eu-si-inghetata-1024x767.jpg 1024w, https:\/\/ib.eco\/wp-content\/uploads\/2023\/05\/6.17-liulin-eu-si-inghetata-300x225.jpg 300w, https:\/\/ib.eco\/wp-content\/uploads\/2023\/05\/6.17-liulin-eu-si-inghetata-768x575.jpg 768w, https:\/\/ib.eco\/wp-content\/uploads\/2023\/05\/6.17-liulin-eu-si-inghetata-1536x1150.jpg 1536w, https:\/\/ib.eco\/wp-content\/uploads\/2023\/05\/6.17-liulin-eu-si-inghetata-2048x1533.jpg 2048w, https:\/\/ib.eco\/wp-content\/uploads\/2023\/05\/6.17-liulin-eu-si-inghetata-16x12.jpg 16w\" sizes=\"(max-width: 800px) 100vw, 800px\" \/><\/div><\/div><\/a><\/figure><\/div><\/div><\/div><\/div><\/div><\/div><\/div>\n\n\n<p>Eu am ales Ferero Rocker \u0219i nu regret. \u00cenghe\u021bata este extra cremoas\u0103, cu topping generos de ciocolat\u0103, caramel \u0219i alune. M\u0103 bucur\u0103 ambalajul de carton \u0219i mica linguri\u021b\u0103 de lemn din capac, de\u0219i sunt con\u0219tient\u0103 c\u0103 nu se vor recicla. O savurez \u00een tihn\u0103 \u00eentr-un parc de l\u00e2ng\u0103 Liu Lin, sub razele de soare care \u00een sf\u00e2r\u0219it \u00ee\u0219i fac sim\u021bit\u0103 prezen\u021ba \u00een peisajul bruxelez pe care \u00een cur\u00e2nd \u00eel voi p\u0103r\u0103si.<\/p>\n","protected":false},"featured_media":628,"template":"","locatie-recenzii":[144],"categorii-recenzii":[81,103,137],"class_list":["post-627","recenzii","type-recenzii","status-publish","has-post-thumbnail","hentry","locatie-recenzii-bruxelles","categorii-recenzii-restaurant","categorii-recenzii-slow-food","categorii-recenzii-vegan"],"taxonomy_info":{"locatie-recenzii":[{"value":144,"label":"Bruxelles"}],"categorii-recenzii":[{"value":81,"label":"restaurant"},{"value":103,"label":"slow food"},{"value":137,"label":"vegan"}]},"featured_image_src_large":["https:\/\/ib.eco\/wp-content\/uploads\/2024\/03\/IMG_20230518_1316302_01-1024x768.jpg",800,600,true],"author_info":[],"comment_info":"","_links":{"self":[{"href":"https:\/\/ib.eco\/ro\/wp-json\/wp\/v2\/recenzii\/627","targetHints":{"allow":["GET"]}}],"collection":[{"href":"https:\/\/ib.eco\/ro\/wp-json\/wp\/v2\/recenzii"}],"about":[{"href":"https:\/\/ib.eco\/ro\/wp-json\/wp\/v2\/types\/recenzii"}],"wp:featuredmedia":[{"embeddable":true,"href":"https:\/\/ib.eco\/ro\/wp-json\/wp\/v2\/media\/628"}],"wp:attachment":[{"href":"https:\/\/ib.eco\/ro\/wp-json\/wp\/v2\/media?parent=627"}],"wp:term":[{"taxonomy":"locatie-recenzii","embeddable":true,"href":"https:\/\/ib.eco\/ro\/wp-json\/wp\/v2\/locatie-recenzii?post=627"},{"taxonomy":"categorii-recenzii","embeddable":true,"href":"https:\/\/ib.eco\/ro\/wp-json\/wp\/v2\/categorii-recenzii?post=627"}],"curies":[{"name":"wp","href":"https:\/\/api.w.org\/{rel}","templated":true}]}}